{"id":93,"date":"2011-08-29T12:33:22","date_gmt":"2011-08-29T12:33:22","guid":{"rendered":"http:\/\/faschismustheorie.de\/?page_id=93"},"modified":"2025-07-25T15:03:15","modified_gmt":"2025-07-25T13:03:15","slug":"gastbeitrage","status":"publish","type":"page","link":"https:\/\/faschismustheorie.de\/?page_id=93","title":{"rendered":"Beitr\u00e4ge Anderer"},"content":{"rendered":"<h3><strong>Mario Candeias:<\/strong><br \/>\n<a href=\"https:\/\/www.rosalux.de\/fileadmin\/rls_uploads\/pdfs\/sonst_publikationen\/Candeias_Monster_Faschisierung.pdf\">Monster verstehen.<br \/>\nWechselwirkung von Faschisierung und blockierter Transformation.<\/a><br \/>\n(2024)<\/h3>\n<h4>Dieser Text zeichnet ein Bild unserer gesellschaftlichen, durchaus Faschismus-tr\u00e4chtigen (Krisen-) Situation und pr\u00e4sentiert einen reflektierten Begriff von Faschisierung. <a href=\"https:\/\/www.youtube.com\/live\/v00ZgFm-hGg\">Hier<\/a> erl\u00e4utert und diskutiert der Autor seine Thesen.<\/h4>\n<h3><strong>Phillip Becher:<\/strong><br \/>\n<a href=\"https:\/\/www.jungewelt.de\/artikel\/379951.faschismustheorien-die-m%C3%A4r-vom-doppelten-nolte.html\">Die M\u00e4r vom doppelten Nolte<\/a><br \/>\n(Juni 2020)<\/h3>\n<h4><strong>Dr. Phillip Becher<\/strong> (Siegen) findet nichts faschismustheoretisch Brauchbares im Fr\u00fchwerk des Rechtsintellektuellen <strong>Ernst Nolte<\/strong> und fasst die traditionellen marxistischen Einw\u00e4nde gegen den \u201eideozentrischen\u201c Ansatz in der Faschismustheorie zusammen. Diese Replik auf einen <a href=\"https:\/\/www.jungewelt.de\/artikel\/378526.faschismustheorien-der-umschuldungshistoriker.html\">fr\u00fcheren Beitrag<\/a> zu Nolte erschien zuerst am 10.06.2020 in der Tageszeitung <strong>Junge Welt<\/strong>. Eine Kritik der Replik folgte wenig sp\u00e4ter als <a href=\"https:\/\/www.jungewelt.de\/aktuell\/rubrik\/leserbriefe.php?letterId=47175\">Leserbrief<\/a>.<\/h4>\n<h3><strong>G\u00fcnter Born &amp; Johannes Hartwig:<\/strong><br \/>\n<a href=\"http:\/\/www.lotta-magazin.de\/ausgabe\/74\/perspektiven-auf-den-faschismus\">Perspektiven auf den Faschismus. Von den Anf\u00e4ngen bis heute.<\/a><br \/>\n(Fr\u00fchjahr 2019)<\/h3>\n<h4>Dieser aktuelle \u00dcberblick zu verschiedenen Ans\u00e4tzen der Faschismustheorie erschien zuerst in der antifaschistischen Zeitschrift <a href=\"http:\/\/www.lotta-magazin.de\/\">&#8222;Lotta&#8220;<\/a> aus Nordrhein-Westfalen. Ich danke den Autoren und der &#8222;Lotta&#8220;-Redaktion.<\/h4>\n<h3><strong>Ivo Eichhorn<\/strong>:<br \/>\n<a href=\"http:\/\/faschismustheorie.de\/wp-content\/uploads\/2011\/08\/Vom-Faschismus-schweigen_Ivo-Eichhorn.pdf\">Vom Faschismus schweigen?<\/a><br \/>\n(Januar 2018)<\/h3>\n<h4>Der Text &#8222;\u00fcber Prozesse der Faschisierung mit Ausblicken auf die AfD und auf Europa&#8220; erschien zuerst in einer <a href=\"https:\/\/danielkeil.files.wordpress.com\/2018\/01\/broschc3bcreafdkritik_web.pdf\">Brosch\u00fcre<\/a> mit Beitr\u00e4gen zur Kritik der rechtsautorit\u00e4ren Bewegung AfD. Ich danke dem Autor!<\/h4>\n<h3><strong>Volker Wei\u00df<\/strong>:<br \/>\n<a title=\"Islamischer Faschismus?\" href=\"https:\/\/www.antifainfoblatt.de\/artikel\/islamischer-faschismus\">Islamischer Faschismus? <\/a><br \/>\n(Winter 2014)<\/h3>\n<h4>Dieser Artikel &#8211; einer der bisher umfassendsten Versuche, die Begriffe der Faschismustheorie auf das anzuwenden, was gemeinhin &#8222;Islamismus&#8220; oder &#8222;Dschihadismus&#8220; genannt wird &#8211; erschien zuerst im <a title=\"Antifa-Infoblatt (AIB)\" href=\"https:\/\/www.antifainfoblatt.de\">Antifa-Infoblatt (AIB)<\/a> Nr. 105. Erneut geht ein gro\u00dfes Dankesch\u00f6n an den Autor und die AIB-Redaktion!<\/h4>\n<h3><strong>Volker Wei\u00df<\/strong>:<br \/>\n<a title=\"Ein fatales B\u00fcndnis. Welche Wurzeln hat der aktuelle Antisemitismus? \" href=\"http:\/\/faschismustheorie.de\/wp-content\/uploads\/2011\/08\/Volker-Wei\u00df_Fatales-B\u00fcndnis_ZEIT_07.08.14.pdf\">Ein fatales B\u00fcndnis. Welche Wurzeln hat der aktuelle Antisemitismus?<\/a> (August 2014)<\/h3>\n<h4>In diesem Text (zuerst erschienen in: DIE ZEIT Nr. 33 vom 7. August 2014) bringt <strong>Volker Wei\u00df<\/strong> einen wichtigen Zusammenhang zwischen Konservatismus, Faschismus und Islamismus auf den Punkt und kritisiert Linke, die mit Islamisten paktieren. Ich bedanke mich vielmals beim Autor!<\/h4>\n<h3><strong>Hannes Bode<\/strong>:<br \/>\n<a title=\"Hamed Abdel Samad - Scheitern am islamischen Faschismus\" href=\"http:\/\/faschismustheorie.de\/wp-content\/uploads\/2011\/08\/Hannes-Bode_Rezension-_Hamed-Abdel-Samad_Scheitern-am-islamischen-Faschismus.pdf\">Hamed Abdel Samad \u2013 Scheitern am islamischen Faschismus<\/a><br \/>\n(Juni 2014)<\/h3>\n<h4>Der Islamwissenschaftler <strong>Hannes Bode<\/strong> bespricht kritisch ein Buch, das gegenw\u00e4rtig in der rechtspopulistischen, antimuslimischen Szene herumgereicht wird. Der Text erschien zuerst bei <a title=\"alsharq.de\" href=\"http:\/\/www.alsharq.de\/2014\/rezension\/hamed-abdel-samad-scheitern-islamischen-faschismus\/\">alsharq.de<\/a> und in einer <a title=\"k\u00fcrzeren Version\" href=\"http:\/\/jungle-world.com\/artikel\/2014\/22\/49947.html\">k\u00fcrzeren Version<\/a> in der linken Wochenzeitung <strong>Jungle World<\/strong>. Mein herzlicher Dank geht an Hannes Bode!<\/h4>\n<h3><strong>Emre Arslan:<br \/>\n<\/strong> <a title=\"W\u00f6lfe im Wolfspelz. Die Hegemonie des t\u00fcrkischen Neofaschismus.\" href=\"http:\/\/faschismustheorie.de\/wp-content\/uploads\/2011\/08\/Arslan_Woelfe-im-Wolfspelz_Iz3w339.pdf\">W\u00f6lfe im Wolfspelz. Die Hegemonie des t\u00fcrkischen Neofaschismus.<\/a><br \/>\n(Herbst 2013)<\/h3>\n<h3><\/h3>\n<h4>Dieser erhellende Text von <strong>Dr. Emre Arslan<\/strong> (Siegen) ist Teil der <a title=\"iz3w\" href=\"https:\/\/www.iz3w.org\/\">iz3w<\/a>-Schwerpunktausgabe mit dem Titel: <a title=\"\" href=\"https:\/\/www.iz3w.org\/zeitschrift\/ausgaben\/339_Neofaschismus\">&#8222;Inter-Nationalismus. Faschismus hat viele Gesichter.&#8220;<\/a> Das Heft ist unbedingt lesenswert! Mein Dank gilt Emre Arslan und der iz3w-Redaktion.<\/h4>\n<h3><strong>Fabian Kunow:<\/strong><br \/>\n<a title=\"Anatomie des Faschismus\" href=\"https:\/\/www.antifainfoblatt.de\/artikel\/anatomie-des-faschismus\">Anatomie des Faschismus<\/a><br \/>\n(2013)<\/h3>\n<h3><\/h3>\n<h4>Letzter Teil (\u00fcber <strong>Robert Owen Paxton<\/strong>) einer faschismustheoretischen Artikelserie aus dem <a href=\"https:\/\/www.antifainfoblatt.de\/\">&#8222;Antifaschistischen Infoblatt&#8220; (AIB)<\/a>. Zuerst erschienen in AIB 101. Vielen Dank an den Autor und ans AIB!<\/h4>\n<h4><\/h4>\n<h3><strong>Fabian Kunow:<br \/>\n<\/strong><a title=\"Faschismus, eine \" href=\"https:\/\/www.antifainfoblatt.de\/artikel\/faschismus-eine-%C2%BBcharismatische-herrschaft%C2%AB\">Faschismus, eine &#8222;charismatische Herrschaft&#8220;?<\/a><br \/>\n(2013)<\/h3>\n<h3><\/h3>\n<h4>Faschismustheoretisch anwendbare Gedanken des bedeutenden Soziologen <strong>Max Weber<\/strong>. Zuerst erschienen in <a href=\"https:\/\/www.antifainfoblatt.de\/\">AIB<\/a> 98.<\/h4>\n<h3><strong>Fabian Kunow:<\/strong><br \/>\n<a title=\"Faschismus als \" href=\"http:\/\/faschismustheorie.de\/wp-content\/uploads\/2011\/08\/Kunow_Faschismus-als-Politische-Religion_AIB-95_S.-34-37_2012.pdf\">Faschismus als &#8222;Politische Religion&#8220;<\/a><br \/>\n(2012)<\/h3>\n<h3><\/h3>\n<h4>\u00dcber den Politologen und Philosophen <strong>Eric Voegelin<\/strong>. Zuerst erschienen in <a href=\"https:\/\/www.antifainfoblatt.de\/\">AIB<\/a> 95.<\/h4>\n<h4><\/h4>\n<h3><strong>Volker Wei\u00df:<\/strong><br \/>\n<a title=\"Die Metaphysik des Provokateurs. Arthur Moeller van den Bruck zwischen Dandytum und Nationalismus.\" href=\"http:\/\/jungle-world.com\/artikel\/2012\/48\/46713.html\">Die Metaphysik des Provokateurs.<br \/>\nArthur Moeller van den Bruck zwischen Dandytum und Nationalismus.<\/a><br \/>\n(2012)<\/h3>\n<h3><\/h3>\n<h4>Auszug aus dem Buch &#8222;Moderne Antimoderne&#8220; \u00fcber den &#8222;Konservativen Revolution\u00e4r&#8220; <strong>Arthur Moeller van den Bruck<\/strong>, der am 29. November 2012 in der linken Wochenzeitung <a href=\"https:\/\/jungle.world\/\">Jungle World<\/a> erschienen ist. Vielen Dank an den Autor!<\/h4>\n<h4><\/h4>\n<h3><strong>Wolfgang Wippermann: <\/strong><br \/>\n<a title=\"Faschismus - Alte Theorie und neue Definition\" href=\"http:\/\/faschismustheorie.de\/wp-content\/uploads\/2011\/08\/Wippermann_Faschismus-Alte-Theorie-und-neue-Definition_2011.pdf\">Faschismus &#8211; Alte Theorie und neue Definition<\/a><br \/>\n(2011)<\/h3>\n<h3><\/h3>\n<h4><strong>Prof. Wippermann<\/strong> \u00fcbt Grundlagenkritik an den g\u00e4ngigen Globaltheorien \u00fcber den Faschismus und schl\u00e4gt eine neue &#8222;Dreiecksdefinition&#8220; vor. Der Text stammt aus dem <strong>2011<\/strong> im K\u00f6lner <strong>Papyrossa-Verlag<\/strong> erschienenen und von <strong>Heinrich Fink<\/strong> (1935-2020) und <strong>Cornelia Kerth<\/strong> herausgegebenen B\u00e4ndchen <strong>&#8222;Einspruch &#8211; Antifaschistische Positionen zur Geschichtspolitik&#8220;<\/strong>. F\u00fcr die Genehmigung, ihn hier zu ver\u00f6ffentlichen, bin ich Prof. Wippermann zu gro\u00dfem Dank verpflichtet.<\/h4>\n<h4><\/h4>\n<h3><strong>Fabian Kunow:<br \/>\n<\/strong><a title=\"Faschismus als Extremismus der Mitte\" href=\"http:\/\/faschismustheorie.de\/wp-content\/uploads\/2011\/08\/aib88-36-39.pdf\">Faschismus als Extremismus der Mitte<\/a><br \/>\n(2010)<\/h3>\n<h3><\/h3>\n<h4>\u00dcber die Theorie des Soziologen <strong>Seymour Martin Lipset<\/strong>. Zuerst erschienen in <a href=\"https:\/\/www.antifainfoblatt.de\/\">AIB<\/a> 88.<\/h4>\n<h4><\/h4>\n<h3><strong>Hannes P\u00fcschel:<\/strong><br \/>\n<a title=\"Faschismus und Antisemitismus.\nZum Beitrag von Kurt P\u00e4tzold in antifa Nov.\/Dez. 2010\" href=\"http:\/\/antifa.vvn-bda.de\/2013\/09\/05\/faschismus-und-antisemitismus\/\">Faschismus und Antisemitismus.<br \/>\nZum Beitrag von Kurt P\u00e4tzold in antifa Nov.\/Dez. 2010.<\/a><br \/>\n(2011)<\/h3>\n<h3><\/h3>\n<h4>Die wesentlichen Einw\u00e4nde der ma\u00dfgeblich von der Kritischen Theorie inspirierten Antideutschen gegen die marxistische Faschismusdeutung. Zuerst erschienen in der <a title=\"\" href=\"http:\/\/antifa.vvn-bda.de\/\">&#8222;antifa&#8220;<\/a>, dem Magazin der <a title=\"VVN-BdA\" href=\"http:\/\/www.vvn-bda.de\/\">VVN-BdA.<\/a><\/h4>\n<h4><\/h4>\n<h3><strong>Kurt P\u00e4tzold:<\/strong><br \/>\n<a title=\"Die Gegenrevolution. Thesen zur Analyse des historischen Faschismus.\" href=\"http:\/\/antifa.vvn-bda.de\/2013\/09\/05\/die-gegenrevolution\/\">Die Gegenrevolution. Thesen zur Analyse des historischen Faschismus. <\/a><br \/>\n(2010)<\/h3>\n<h3><\/h3>\n<h4><strong>Prof. Kurt P\u00e4tzold<\/strong> (1930-2016) pr\u00e4sentiert eine aufgekl\u00e4rte Version der marxistischen Faschismusdeutung. Zuerst erschienen in der <a title=\"\" href=\"http:\/\/antifa.vvn-bda.de\/\">&#8222;antifa&#8220;<\/a>, dem Magazin der <a title=\"VVN-BdA\" href=\"http:\/\/www.vvn-bda.de\/\">VVN-BdA<\/a>.<\/h4>\n<h4><\/h4>\n<h3><strong>Fabian Kunow:<\/strong><br \/>\n<a title=\"Trotzkis Perspektive auf den Faschismus\" href=\"http:\/\/faschismustheorie.de\/wp-content\/uploads\/2011\/08\/aib84-38-41.pdf\">Trotzkis Perspektive auf den Faschismus<\/a><br \/>\n(2009)<\/h3>\n<h3><\/h3>\n<h4>Zuerst erschienen in <a href=\"https:\/\/www.antifainfoblatt.de\/\">AIB<\/a> 84.<\/h4>\n<h4><\/h4>\n<h3><strong>Fabian Kunow:<\/strong><br \/>\n<a title=\"Der \" href=\"http:\/\/faschismustheorie.de\/wp-content\/uploads\/2011\/08\/aib82-34-36.pdf\">Der &#8222;Behemoth&#8220; von Franz Neumann<\/a><br \/>\n(2009)<\/h3>\n<h3><\/h3>\n<h4>\u00dcber eine bedeutende Strukturanalyse des Nazismus. Zuerst erschienen in <a href=\"https:\/\/www.antifainfoblatt.de\/\">AIB<\/a> 82.<\/h4>\n<h4><\/h4>\n<h3><strong>Fabian Kunow:<\/strong><br \/>\n<a title=\"Der Doppelstaat - Ernst Fraenkels Versuch den Nationalsozialismus begreiflich zu machen\" href=\"http:\/\/faschismustheorie.de\/wp-content\/uploads\/2011\/08\/aib79-34-37.pdf\">Der Doppelstaat &#8211;<br \/>\nErnst Fraenkels Versuch den Nationalsozialismus begreiflich zu machen<\/a><br \/>\n(2008)<\/h3>\n<h3><\/h3>\n<h4>\u00dcber &#8222;Ma\u00dfnahmenstaat&#8220; und &#8222;Normenstaat&#8220;. Zuerst erschienen in <a href=\"https:\/\/www.antifainfoblatt.de\/\">AIB<\/a> 79.<\/h4>\n<h4><\/h4>\n<h3><strong>Fabian Kunow:<\/strong><br \/>\n<a title=\"Ernst Noltes Einf\u00fchrung des Faschismusbegriffs\" href=\"http:\/\/faschismustheorie.de\/wp-content\/uploads\/2011\/08\/aib78-32-35.pdf\">Ernst Noltes Einf\u00fchrung des Faschismusbegriffs<\/a><br \/>\n(2008)<\/h3>\n<h3><\/h3>\n<h4>\u00dcber das noch faschismuskritische Fr\u00fchwerk des Philosophen und Historikers. Zuerst erschienen in <a href=\"https:\/\/www.antifainfoblatt.de\/\">AIB<\/a> 78.<\/h4>\n<h4><\/h4>\n<h3><strong>Fabian Kunow:<\/strong><br \/>\n<a title=\"Zeev Sternhells ideengeschichtliche Einf\u00fchrung in den Themenkomplex Faschismus Teil II\" href=\"http:\/\/faschismustheorie.de\/wp-content\/uploads\/2011\/08\/aib77-37-41.pdf\">Zeev Sternhells ideengeschichtliche Einf\u00fchrung<br \/>\nin den Themenkomplex Faschismus Teil II<\/a><br \/>\n(2007)<\/h3>\n<h3><\/h3>\n<h4>Dieses Dokument enth\u00e4lt auch den Artikel <strong>&#8222;Faschismustheorien &#8211; Zum Stand der wissenschaftlichen Debatte&#8220;<\/strong> von <strong>Jens Renner<\/strong>. Zuerst erschienen in <a href=\"https:\/\/www.antifainfoblatt.de\/\">AIB<\/a> 77.<\/h4>\n<h4><\/h4>\n<h3><strong>Fabian Kunow:<\/strong><br \/>\n<a title=\"Zeev Sternhells ideengeschichtliche Einf\u00fchrung in den Themenkomplex Faschismus Teil I\" href=\"http:\/\/faschismustheorie.de\/wp-content\/uploads\/2011\/08\/aib76-36-39.pdf\">Zeev Sternhells ideengeschichtliche Einf\u00fchrung<br \/>\nin den Themenkomplex Faschismus Teil I<\/a><br \/>\n(2007)<\/h3>\n<h3><\/h3>\n<h4>\u00dcber den 2020 verstorbenen israelischen Politologen. Zuerst erschienen in <a href=\"https:\/\/www.antifainfoblatt.de\/\">AIB<\/a> 76.<\/h4>\n<h4><\/h4>\n<h3><strong>Fabian Kunow:<\/strong><br \/>\n<a title=\"Die Bonapartismustheorie\" href=\"http:\/\/faschismustheorie.de\/wp-content\/uploads\/2011\/08\/aib75-34-39.pdf\">Die Bonapartismustheorie<\/a><br \/>\n(2007)<\/h3>\n<h3><\/h3>\n<h4>\u00dcber die Gedanken von <strong>Otto Bauer<\/strong> und <strong>August Thalheimer<\/strong>. Erster Teil einer faschismustheoretischen Artikelserie. Zuerst erschienen in <a href=\"https:\/\/www.antifainfoblatt.de\/\">AIB<\/a> 75.<\/h4>\n<h4><\/h4>\n","protected":false},"excerpt":{"rendered":"<p>Mario Candeias: Monster verstehen. Wechselwirkung von Faschisierung und blockierter Transformation. (2024) Dieser Text zeichnet ein Bild unserer gesellschaftlichen, durchaus Faschismus-tr\u00e4chtigen (Krisen-) Situation und pr\u00e4sentiert einen reflektierten Begriff von Faschisierung. Hier erl\u00e4utert und diskutiert der Autor seine Thesen. Phillip Becher: Die &hellip; <a href=\"https:\/\/faschismustheorie.de\/?page_id=93\">Weiterlesen <span class=\"meta-nav\">&rarr;<\/span><\/a><\/p>\n","protected":false},"author":1,"featured_media":0,"parent":0,"menu_order":0,"comment_status":"closed","ping_status":"closed","template":"","meta":[],"_links":{"self":[{"href":"https:\/\/faschismustheorie.de\/index.php?rest_route=\/wp\/v2\/pages\/93"}],"collection":[{"href":"https:\/\/faschismustheorie.de\/index.php?rest_route=\/wp\/v2\/pages"}],"about":[{"href":"https:\/\/faschismustheorie.de\/index.php?rest_route=\/wp\/v2\/types\/page"}],"author":[{"embeddable":true,"href":"https:\/\/faschismustheorie.de\/index.php?rest_route=\/wp\/v2\/users\/1"}],"replies":[{"embeddable":true,"href":"https:\/\/faschismustheorie.de\/index.php?rest_route=%2Fwp%2Fv2%2Fcomments&post=93"}],"version-history":[{"count":43,"href":"https:\/\/faschismustheorie.de\/index.php?rest_route=\/wp\/v2\/pages\/93\/revisions"}],"predecessor-version":[{"id":1152,"href":"https:\/\/faschismustheorie.de\/index.php?rest_route=\/wp\/v2\/pages\/93\/revisions\/1152"}],"wp:attachment":[{"href":"https:\/\/faschismustheorie.de\/index.php?rest_route=%2Fwp%2Fv2%2Fmedia&parent=93"}],"curies":[{"name":"wp","href":"https:\/\/api.w.org\/{rel}","templated":true}]}}